{"id":3990,"date":"2021-01-15T09:03:39","date_gmt":"2021-01-15T08:03:39","guid":{"rendered":"https:\/\/lag-selbsthilfe-sachsen.de\/search-template\/"},"modified":"2021-01-15T09:03:39","modified_gmt":"2021-01-15T08:03:39","slug":"search-template","status":"publish","type":"page","link":"https:\/\/lag-selbsthilfe-sachsen.de\/ls\/search-template\/","title":{"rendered":"Search template"},"content":{"rendered":"<p>[vc_row el_position=&#8221;first last&#8221;][vc_column width=&#8221;2\/3&#8243;]<ul class=\"blog clearfix page-margin-top-section\"><li class=\" post post-11708 type-post status-publish format-standard hentry category-uncategorized-ls\"><ul class=\"comment-box clearfix\"><li class=\"date clearfix\">\n\t\t\t\t\t\t\t\t<div class=\"value\">20. MARCH 2026<\/div>\n\t\t\t\t\t\t\t\t<div class=\"arrow-date\"><\/div>\n\t\t\t\t\t\t\t<\/li><li class=\"comments-number\">\t\t\t<a href=\"https:\/\/lag-selbsthilfe-sachsen.de\/ls\/welt%c2%b7tag-fuer-das-down-syndrom-2026\/#respond\" title=\"0 COMMENTS\">0<\/a>\n\t\t\t\t\t\t\t<\/li><\/ul><div class=\"post-content\"><h2 class=\"post-title\"><a href=\"https:\/\/lag-selbsthilfe-sachsen.de\/ls\/welt%c2%b7tag-fuer-das-down-syndrom-2026\/\" title=\"Welt\u00b7tag f\u00fcr das Down-Syndrom 2026\">Welt\u00b7tag f\u00fcr das Down-Syndrom 2026<\/a><\/h2><p>Das Down-Syndrom ist eine genetische Besonder\u00b7heit. Es ist keine Krankheit. Es ist eine Beeintr\u00e4chtigung. Einmal im Jahr stehen Personen mit Down-Syndrom besonders im Fokus. Das ist am welt\u00b7weiten Tag f\u00fcr das Down-Syndrom. Das ist der 21.\u00a0M\u00e4rz. Dieser Tag wurde von den Vereinten Nationen begr\u00fcndet. Die Vereinten Nationen sind eine gro\u00dfe Gruppe von L\u00e4ndern. Sie setzen<\/p>\n<a title=\"Mehr Information\" href=\"https:\/\/lag-selbsthilfe-sachsen.de\/ls\/welt%c2%b7tag-fuer-das-down-syndrom-2026\/\" class=\"more template-arrow-horizontal-1-after\">Mehr Information<\/a>\t\t<div class=\"post-footer clearfix\">\n\t\t\t\t\t\t\t\t<ul class=\"post-footer-details\"><li class=\"post-footer-author\">\n\t\t\t\t\t\t\t\t\t\tAnne H\u00e4hnel\n\t\t\t\t\t\t\t\t\t<\/li><li class=\"post-footer-category\">\n\t\t\t\t\t\t\t\t\t\t\t<a href=\"https:\/\/lag-selbsthilfe-sachsen.de\/ls\/category\/uncategorized-ls\/\" title=\"View all posts filed under Uncategorized @ls\">Uncategorized @ls<\/a>\n\t\t\t\t\t\t\t\t\t\t<\/li><\/ul><\/div><\/div><\/li><li class=\" post post-10833 type-post status-publish format-standard has-post-thumbnail hentry category-uncategorized-ls\"><ul class=\"comment-box clearfix\"><li class=\"date clearfix\">\n\t\t\t\t\t\t\t\t<div class=\"value\">2. JULY 2025<\/div>\n\t\t\t\t\t\t\t\t<div class=\"arrow-date\"><\/div>\n\t\t\t\t\t\t\t<\/li><li class=\"comments-number\">\t\t\t<a href=\"https:\/\/lag-selbsthilfe-sachsen.de\/ls\/vdk-ist-besorgt-um-die-barriere%c2%b7freiheit\/#respond\" title=\"0 COMMENTS\">0<\/a>\n\t\t\t\t\t\t\t<\/li><\/ul><div class=\"post-content\"><a class=\"post-image\" href=\"https:\/\/lag-selbsthilfe-sachsen.de\/ls\/vdk-ist-besorgt-um-die-barriere%c2%b7freiheit\/\" title=\"VdK ist besorgt um die Barriere\u00b7freiheit\"><span class=\"mc-preloader\"><\/span><img loading=\"lazy\" decoding=\"async\" width=\"1400\" height=\"934\" src=\"https:\/\/lag-selbsthilfe-sachsen.de\/wp-content\/uploads\/2025\/05\/hande-des-ingenieurs-arbeiten-auf-blaupause-baukonzept-engineering-tools-vintage-ton-retro-filter-effekt-soft-fokus-selektiven-fokus-scaled-e1751452817984.jpg\" class=\"attachment-full size-full wp-post-image\" alt=\"VdK ist besorgt um die Barriere\u00b7freiheit\" title=\"\" \/><\/a><h2 class=\"post-title\"><a href=\"https:\/\/lag-selbsthilfe-sachsen.de\/ls\/vdk-ist-besorgt-um-die-barriere%c2%b7freiheit\/\" title=\"VdK ist besorgt um die Barriere\u00b7freiheit\">VdK ist besorgt um die Barriere\u00b7freiheit<\/a><\/h2><p>Vor Kurzem beantwortete die Bundes\u00b7bau\u00b7ministerin Fragen. Es ging um die Wohnungs\u00b7politik von der Regierung. Dabei sagte sie: &#8211; Die Gesetze zum Bau sollen ver\u00e4ndert werden. &#8211; Es soll schneller und g\u00fcnstiger gebaut werden. &#8211; Daf\u00fcr sollen die Geb\u00e4ude einfacher sein. &#8211; Es muss klare Regeln geben. &#8211; Die Miet\u00b7preise m\u00fcssen kontrolliert werden. Der Sozial\u00b7verband VdK<\/p>\n<a title=\"Mehr Information\" href=\"https:\/\/lag-selbsthilfe-sachsen.de\/ls\/vdk-ist-besorgt-um-die-barriere%c2%b7freiheit\/\" class=\"more template-arrow-horizontal-1-after\">Mehr Information<\/a>\t\t<div class=\"post-footer clearfix\">\n\t\t\t\t\t\t\t\t<ul class=\"post-footer-details\"><li class=\"post-footer-author\">\n\t\t\t\t\t\t\t\t\t\tLara Hanske\n\t\t\t\t\t\t\t\t\t<\/li><li class=\"post-footer-category\">\n\t\t\t\t\t\t\t\t\t\t\t<a href=\"https:\/\/lag-selbsthilfe-sachsen.de\/ls\/category\/uncategorized-ls\/\" title=\"View all posts filed under Uncategorized @ls\">Uncategorized @ls<\/a>\n\t\t\t\t\t\t\t\t\t\t<\/li><\/ul><\/div><\/div><\/li><li class=\" post post-11412 type-post status-publish format-standard has-post-thumbnail hentry category-uncategorized-ls\"><ul class=\"comment-box clearfix\"><li class=\"date clearfix\">\n\t\t\t\t\t\t\t\t<div class=\"value\">14. NOVEMBER 2025<\/div>\n\t\t\t\t\t\t\t\t<div class=\"arrow-date\"><\/div>\n\t\t\t\t\t\t\t<\/li><li class=\"comments-number\">\t\t\t<a href=\"https:\/\/lag-selbsthilfe-sachsen.de\/ls\/umfrage-zu-gewalt-gegen-behinderte\/#respond\" title=\"0 COMMENTS\">0<\/a>\n\t\t\t\t\t\t\t<\/li><\/ul><div class=\"post-content\"><a class=\"post-image\" href=\"https:\/\/lag-selbsthilfe-sachsen.de\/ls\/umfrage-zu-gewalt-gegen-behinderte\/\" title=\"Umfrage zu Gewalt gegen Behinderte\"><span class=\"mc-preloader\"><\/span><img loading=\"lazy\" decoding=\"async\" width=\"900\" height=\"480\" src=\"https:\/\/lag-selbsthilfe-sachsen.de\/wp-content\/uploads\/2022\/11\/1280px-Flag_of_the_United_Nations.svg_-900x480-1.png\" class=\"attachment-full size-full wp-post-image\" alt=\"Umfrage zu Gewalt gegen Behinderte\" title=\"\" srcset=\"https:\/\/lag-selbsthilfe-sachsen.de\/wp-content\/uploads\/2022\/11\/1280px-Flag_of_the_United_Nations.svg_-900x480-1.png 900w, https:\/\/lag-selbsthilfe-sachsen.de\/wp-content\/uploads\/2022\/11\/1280px-Flag_of_the_United_Nations.svg_-900x480-1-300x160.png 300w, https:\/\/lag-selbsthilfe-sachsen.de\/wp-content\/uploads\/2022\/11\/1280px-Flag_of_the_United_Nations.svg_-900x480-1-768x410.png 768w\" sizes=\"auto, (max-width: 900px) 100vw, 900px\" \/><\/a><h2 class=\"post-title\"><a href=\"https:\/\/lag-selbsthilfe-sachsen.de\/ls\/umfrage-zu-gewalt-gegen-behinderte\/\" title=\"Umfrage zu Gewalt gegen Behinderte\">Umfrage zu Gewalt gegen Behinderte<\/a><\/h2><p>UN fragt Menschen mit Behinderungen: Was hilft gegen Gewalt Die UN ist eine gro\u00dfe Gruppe von L\u00e4ndern. Die UN arbeitet daf\u00fcr: Frieden Menschen\u00b7rechte ein gutes Leben f\u00fcr alle Eine Gruppe von der UN hei\u00dft: \u201eAusschuss f\u00fcr die Rechte von Menschen mit Behinderungen\u201c. Diese Gruppe achtet auf Menschen mit Behinderungen. Damit die Rechte der Menschen mit<\/p>\n<a title=\"Mehr Information\" href=\"https:\/\/lag-selbsthilfe-sachsen.de\/ls\/umfrage-zu-gewalt-gegen-behinderte\/\" class=\"more template-arrow-horizontal-1-after\">Mehr Information<\/a>\t\t<div class=\"post-footer clearfix\">\n\t\t\t\t\t\t\t\t<ul class=\"post-footer-details\"><li class=\"post-footer-author\">\n\t\t\t\t\t\t\t\t\t\tLara Hanske\n\t\t\t\t\t\t\t\t\t<\/li><li class=\"post-footer-category\">\n\t\t\t\t\t\t\t\t\t\t\t<a href=\"https:\/\/lag-selbsthilfe-sachsen.de\/ls\/category\/uncategorized-ls\/\" title=\"View all posts filed under Uncategorized @ls\">Uncategorized @ls<\/a>\n\t\t\t\t\t\t\t\t\t\t<\/li><\/ul><\/div><\/div><\/li><li class=\" post post-10982 type-post status-publish format-standard has-post-thumbnail hentry category-uncategorized-ls\"><ul class=\"comment-box clearfix\"><li class=\"date clearfix\">\n\t\t\t\t\t\t\t\t<div class=\"value\">4. AUGUST 2025<\/div>\n\t\t\t\t\t\t\t\t<div class=\"arrow-date\"><\/div>\n\t\t\t\t\t\t\t<\/li><li class=\"comments-number\">\t\t\t<a href=\"https:\/\/lag-selbsthilfe-sachsen.de\/ls\/umfrage-fuer-eltern-mit-kindern-die-koerper%c2%b7behindert-und-eine-bewegungs%c2%b7stoerung-haben\/#respond\" title=\"0 COMMENTS\">0<\/a>\n\t\t\t\t\t\t\t<\/li><\/ul><div class=\"post-content\"><a class=\"post-image\" href=\"https:\/\/lag-selbsthilfe-sachsen.de\/ls\/umfrage-fuer-eltern-mit-kindern-die-koerper%c2%b7behindert-und-eine-bewegungs%c2%b7stoerung-haben\/\" title=\"Umfrage f\u00fcr Eltern mit Kindern die K\u00f6rper\u00b7behindert und eine Bewegungs\u00b7st\u00f6rung haben\"><span class=\"mc-preloader\"><\/span><img loading=\"lazy\" decoding=\"async\" width=\"1400\" height=\"934\" src=\"https:\/\/lag-selbsthilfe-sachsen.de\/wp-content\/uploads\/2025\/05\/hande-des-ingenieurs-arbeiten-auf-blaupause-baukonzept-engineering-tools-vintage-ton-retro-filter-effekt-soft-fokus-selektiven-fokus-scaled-e1751452817984.jpg\" class=\"attachment-full size-full wp-post-image\" alt=\"Umfrage f\u00fcr Eltern mit Kindern die K\u00f6rper\u00b7behindert und eine Bewegungs\u00b7st\u00f6rung haben\" title=\"\" \/><\/a><h2 class=\"post-title\"><a href=\"https:\/\/lag-selbsthilfe-sachsen.de\/ls\/umfrage-fuer-eltern-mit-kindern-die-koerper%c2%b7behindert-und-eine-bewegungs%c2%b7stoerung-haben\/\" title=\"Umfrage f\u00fcr Eltern mit Kindern die K\u00f6rper\u00b7behindert und eine Bewegungs\u00b7st\u00f6rung haben\">Umfrage f\u00fcr Eltern mit Kindern die K\u00f6rper\u00b7behindert und eine Bewegungs\u00b7st\u00f6rung haben<\/a><\/h2><p>Eine Studentin macht eine Umfrage. F\u00fcr ihre Abschluss\u00b7arbeit. Sie studiert Sonder\u00b7p\u00e4dagogik. Das hei\u00dft: Sie will Lehrerin werden. Und Menschen mit Behinderung und Lern\u00b7st\u00f6rung etwas bei\u00b7bringen. Die Studentin will etwas wissen: Wie erleben Eltern ihre Kinder? Wenn das Kind eine K\u00f6rper\u00b7behinderung hat. Oder eine Bewegungs\u00b7st\u00f6rung. Wie sp\u00fcrt das Kind seinen K\u00f6rper? Was w\u00fcnschen sich die Eltern?<\/p>\n<a title=\"Mehr Information\" href=\"https:\/\/lag-selbsthilfe-sachsen.de\/ls\/umfrage-fuer-eltern-mit-kindern-die-koerper%c2%b7behindert-und-eine-bewegungs%c2%b7stoerung-haben\/\" class=\"more template-arrow-horizontal-1-after\">Mehr Information<\/a>\t\t<div class=\"post-footer clearfix\">\n\t\t\t\t\t\t\t\t<ul class=\"post-footer-details\"><li class=\"post-footer-author\">\n\t\t\t\t\t\t\t\t\t\tLara Hanske\n\t\t\t\t\t\t\t\t\t<\/li><li class=\"post-footer-category\">\n\t\t\t\t\t\t\t\t\t\t\t<a href=\"https:\/\/lag-selbsthilfe-sachsen.de\/ls\/category\/uncategorized-ls\/\" title=\"View all posts filed under Uncategorized @ls\">Uncategorized @ls<\/a>\n\t\t\t\t\t\t\t\t\t\t<\/li><\/ul><\/div><\/div><\/li><\/ul><ul class='pagination page-margin-top'><li class='selected'><span>1<\/span><\/li><li><a href='https:\/\/lag-selbsthilfe-sachsen.de\/ls\/wp-json\/wp\/v2\/pages\/3990\/page\/2\/'>2<\/a><\/li><li><a href='https:\/\/lag-selbsthilfe-sachsen.de\/ls\/wp-json\/wp\/v2\/pages\/3990\/page\/3\/'>3<\/a><\/li><li><a href='https:\/\/lag-selbsthilfe-sachsen.de\/ls\/wp-json\/wp\/v2\/pages\/3990\/page\/2\/'>&rsaquo;<\/a><\/li><li><a href='https:\/\/lag-selbsthilfe-sachsen.de\/ls\/wp-json\/wp\/v2\/pages\/3990\/page\/6\/'>&raquo;<\/a><\/li><\/ul>[\/vc_column][vc_column width=&#8221;1\/3&#8243;][vc_widget_sidebar top_margin=&#8221;page-margin-top-section&#8221; sidebar_id=&#8221;sidebar-blog&#8221; el_position=&#8221;first&#8221;]<h3 class=\"box-header page-margin-top\">Photostream<\/h3><ul class=\"photostream clearfix default\"><\/ul>[vc_widget_sidebar top_margin=&#8221;page-margin-top&#8221; sidebar_id=&#8221;sidebar-blog-2&#8243; el_position=&#8221;last&#8221;][\/vc_column][\/vc_row]<\/p>\n","protected":false},"excerpt":{"rendered":"<p>[vc_row el_position=&#8221;first last&#8221;][vc_column width=&#8221;2\/3&#8243;][\/vc_column][vc_column width=&#8221;1\/3&#8243;][vc_widget_sidebar top_margin=&#8221;page-margin-top-section&#8221; sidebar_id=&#8221;sidebar-blog&#8221; el_position=&#8221;first&#8221;][vc_widget_sidebar top_margin=&#8221;page-margin-top&#8221; sidebar_id=&#8221;sidebar-blog-2&#8243; el_position=&#8221;last&#8221;][\/vc_column][\/vc_row]<\/p>\n","protected":false},"author":1,"featured_media":0,"parent":0,"menu_order":0,"comment_status":"open","ping_status":"open","template":"search.php","meta":{"_acf_changed":false,"footnotes":""},"class_list":["post-3990","page","type-page","status-publish","hentry"],"acf":[],"yoast_head":"<!-- This site is optimized with the Yoast SEO plugin v27.3 - https:\/\/yoast.com\/product\/yoast-seo-wordpress\/ -->\n<title>Search template - LAG<\/title>\n<meta name=\"robots\" content=\"index, follow, max-snippet:-1, max-image-preview:large, max-video-preview:-1\" \/>\n<link rel=\"canonical\" href=\"https:\/\/lag-selbsthilfe-sachsen.de\/ls\/search-template\/\" \/>\n<meta property=\"og:locale\" content=\"en_US\" \/>\n<meta property=\"og:type\" content=\"article\" \/>\n<meta property=\"og:title\" content=\"Search template - LAG\" \/>\n<meta property=\"og:description\" content=\"[vc_row el_position=&#8221;first last&#8221;][vc_column width=&#8221;2\/3&#8243;][\/vc_column][vc_column width=&#8221;1\/3&#8243;][vc_widget_sidebar top_margin=&#8221;page-margin-top-section&#8221; sidebar_id=&#8221;sidebar-blog&#8221; el_position=&#8221;first&#8221;][vc_widget_sidebar top_margin=&#8221;page-margin-top&#8221; sidebar_id=&#8221;sidebar-blog-2&#8243; el_position=&#8221;last&#8221;][\/vc_column][\/vc_row]\" \/>\n<meta property=\"og:url\" content=\"https:\/\/lag-selbsthilfe-sachsen.de\/ls\/search-template\/\" \/>\n<meta property=\"og:site_name\" content=\"LAG\" \/>\n<meta property=\"og:image\" content=\"https:\/\/lag-selbsthilfe-sachsen.de\/wp-content\/uploads\/2021\/04\/facebook.png\" \/>\n\t<meta property=\"og:image:width\" content=\"1367\" \/>\n\t<meta property=\"og:image:height\" content=\"796\" \/>\n\t<meta property=\"og:image:type\" content=\"image\/png\" \/>\n<meta name=\"twitter:card\" content=\"summary_large_image\" \/>\n<meta name=\"twitter:label1\" content=\"Est. reading time\" \/>\n\t<meta name=\"twitter:data1\" content=\"1 minute\" \/>\n<script type=\"application\/ld+json\" class=\"yoast-schema-graph\">{\"@context\":\"https:\\\/\\\/schema.org\",\"@graph\":[{\"@type\":\"WebPage\",\"@id\":\"https:\\\/\\\/lag-selbsthilfe-sachsen.de\\\/ls\\\/search-template\\\/\",\"url\":\"https:\\\/\\\/lag-selbsthilfe-sachsen.de\\\/ls\\\/search-template\\\/\",\"name\":\"Search template - LAG\",\"isPartOf\":{\"@id\":\"https:\\\/\\\/lag-selbsthilfe-sachsen.de\\\/ls\\\/#website\"},\"datePublished\":\"2021-01-15T08:03:39+00:00\",\"breadcrumb\":{\"@id\":\"https:\\\/\\\/lag-selbsthilfe-sachsen.de\\\/ls\\\/search-template\\\/#breadcrumb\"},\"inLanguage\":\"l-S\",\"potentialAction\":[{\"@type\":\"ReadAction\",\"target\":[\"https:\\\/\\\/lag-selbsthilfe-sachsen.de\\\/ls\\\/search-template\\\/\"]}]},{\"@type\":\"BreadcrumbList\",\"@id\":\"https:\\\/\\\/lag-selbsthilfe-sachsen.de\\\/ls\\\/search-template\\\/#breadcrumb\",\"itemListElement\":[{\"@type\":\"ListItem\",\"position\":1,\"name\":\"Startseite\",\"item\":\"https:\\\/\\\/lag-selbsthilfe-sachsen.de\\\/ls\\\/\"},{\"@type\":\"ListItem\",\"position\":2,\"name\":\"Search template\"}]},{\"@type\":\"WebSite\",\"@id\":\"https:\\\/\\\/lag-selbsthilfe-sachsen.de\\\/ls\\\/#website\",\"url\":\"https:\\\/\\\/lag-selbsthilfe-sachsen.de\\\/ls\\\/\",\"name\":\"LAG\",\"description\":\"Landesarbeitsgemeinschaft Selbsthilfe Sachsen e.V.\",\"potentialAction\":[{\"@type\":\"SearchAction\",\"target\":{\"@type\":\"EntryPoint\",\"urlTemplate\":\"https:\\\/\\\/lag-selbsthilfe-sachsen.de\\\/ls\\\/?s={search_term_string}\"},\"query-input\":{\"@type\":\"PropertyValueSpecification\",\"valueRequired\":true,\"valueName\":\"search_term_string\"}}],\"inLanguage\":\"l-S\"}]}<\/script>\n<!-- \/ Yoast SEO plugin. -->","yoast_head_json":{"title":"Search template - LAG","robots":{"index":"index","follow":"follow","max-snippet":"max-snippet:-1","max-image-preview":"max-image-preview:large","max-video-preview":"max-video-preview:-1"},"canonical":"https:\/\/lag-selbsthilfe-sachsen.de\/ls\/search-template\/","og_locale":"en_US","og_type":"article","og_title":"Search template - LAG","og_description":"[vc_row el_position=&#8221;first last&#8221;][vc_column width=&#8221;2\/3&#8243;][\/vc_column][vc_column width=&#8221;1\/3&#8243;][vc_widget_sidebar top_margin=&#8221;page-margin-top-section&#8221; sidebar_id=&#8221;sidebar-blog&#8221; el_position=&#8221;first&#8221;][vc_widget_sidebar top_margin=&#8221;page-margin-top&#8221; sidebar_id=&#8221;sidebar-blog-2&#8243; el_position=&#8221;last&#8221;][\/vc_column][\/vc_row]","og_url":"https:\/\/lag-selbsthilfe-sachsen.de\/ls\/search-template\/","og_site_name":"LAG","og_image":[{"width":1367,"height":796,"url":"https:\/\/lag-selbsthilfe-sachsen.de\/wp-content\/uploads\/2021\/04\/facebook.png","type":"image\/png"}],"twitter_card":"summary_large_image","twitter_misc":{"Est. reading time":"1 minute"},"schema":{"@context":"https:\/\/schema.org","@graph":[{"@type":"WebPage","@id":"https:\/\/lag-selbsthilfe-sachsen.de\/ls\/search-template\/","url":"https:\/\/lag-selbsthilfe-sachsen.de\/ls\/search-template\/","name":"Search template - LAG","isPartOf":{"@id":"https:\/\/lag-selbsthilfe-sachsen.de\/ls\/#website"},"datePublished":"2021-01-15T08:03:39+00:00","breadcrumb":{"@id":"https:\/\/lag-selbsthilfe-sachsen.de\/ls\/search-template\/#breadcrumb"},"inLanguage":"l-S","potentialAction":[{"@type":"ReadAction","target":["https:\/\/lag-selbsthilfe-sachsen.de\/ls\/search-template\/"]}]},{"@type":"BreadcrumbList","@id":"https:\/\/lag-selbsthilfe-sachsen.de\/ls\/search-template\/#breadcrumb","itemListElement":[{"@type":"ListItem","position":1,"name":"Startseite","item":"https:\/\/lag-selbsthilfe-sachsen.de\/ls\/"},{"@type":"ListItem","position":2,"name":"Search template"}]},{"@type":"WebSite","@id":"https:\/\/lag-selbsthilfe-sachsen.de\/ls\/#website","url":"https:\/\/lag-selbsthilfe-sachsen.de\/ls\/","name":"LAG","description":"Landesarbeitsgemeinschaft Selbsthilfe Sachsen e.V.","potentialAction":[{"@type":"SearchAction","target":{"@type":"EntryPoint","urlTemplate":"https:\/\/lag-selbsthilfe-sachsen.de\/ls\/?s={search_term_string}"},"query-input":{"@type":"PropertyValueSpecification","valueRequired":true,"valueName":"search_term_string"}}],"inLanguage":"l-S"}]}},"_links":{"self":[{"href":"https:\/\/lag-selbsthilfe-sachsen.de\/ls\/wp-json\/wp\/v2\/pages\/3990","targetHints":{"allow":["GET"]}}],"collection":[{"href":"https:\/\/lag-selbsthilfe-sachsen.de\/ls\/wp-json\/wp\/v2\/pages"}],"about":[{"href":"https:\/\/lag-selbsthilfe-sachsen.de\/ls\/wp-json\/wp\/v2\/types\/page"}],"author":[{"embeddable":true,"href":"https:\/\/lag-selbsthilfe-sachsen.de\/ls\/wp-json\/wp\/v2\/users\/1"}],"replies":[{"embeddable":true,"href":"https:\/\/lag-selbsthilfe-sachsen.de\/ls\/wp-json\/wp\/v2\/comments?post=3990"}],"version-history":[{"count":1,"href":"https:\/\/lag-selbsthilfe-sachsen.de\/ls\/wp-json\/wp\/v2\/pages\/3990\/revisions"}],"predecessor-version":[{"id":3991,"href":"https:\/\/lag-selbsthilfe-sachsen.de\/ls\/wp-json\/wp\/v2\/pages\/3990\/revisions\/3991"}],"wp:attachment":[{"href":"https:\/\/lag-selbsthilfe-sachsen.de\/ls\/wp-json\/wp\/v2\/media?parent=3990"}],"curies":[{"name":"wp","href":"https:\/\/api.w.org\/{rel}","templated":true}]}}